{"id":910,"date":"2024-04-02T15:07:07","date_gmt":"2024-04-02T13:07:07","guid":{"rendered":"https:\/\/www.edfeurope.com\/sostenibilita\/"},"modified":"2024-04-16T17:38:53","modified_gmt":"2024-04-16T15:38:53","slug":"developpement-durable","status":"publish","type":"page","link":"https:\/\/www.edfeurope.com\/fr\/developpement-durable\/","title":{"rendered":"D\u00e9veloppement durable"},"content":{"rendered":"<div id=\"sustainability\">\n<div class=\"section\">\n<div class=\"row row-grid min-h\">\n<div class=\"box box-text box-green\">\n<div class=\"box--content\">\n<h1>Un engagement concret pour un avenir meilleur<\/h1>\n<p>\t\t\t\t\t<span>Op\u00e9rer selon un mod\u00e8le de d\u00e9veloppement durable est l&rsquo;une des pierres angulaires de notre philosophie. Nous le faisons en respectant l&rsquo;environnement qui entoure nos usines, en g\u00e9rant les ressources et les sources d&rsquo;\u00e9nergie de mani\u00e8re responsable et rationnelle, en impliquant et en sensibilisant tous les acteurs impliqu\u00e9s dans les processus.<\/span>\n\t\t\t\t<\/div>\n<\/p><\/div>\n<div class=\"box box-img\">\n\t\t\t\t<img decoding=\"async\" src=\"\/edf-new\/wp-content\/uploads\/2024\/04\/edf-sost-01.jpg\" alt=\"EDF Europe - Un engagement concret pour un avenir meilleur\">\n\t\t\t<\/div>\n<\/p><\/div>\n<\/p><\/div>\n<div class=\"section\">\n<div class=\"row row-grid min-h\">\n<div class=\"box box-img\">\n\t\t\t\t<img decoding=\"async\" src=\"\/edf-new\/wp-content\/uploads\/2024\/04\/edf-sost-02.jpg\" alt=\"EDF Europe - Nos machines sont con\u00e7ues et construites pour garantir une efficacit\u00e9 maximale avec une consommation d'\u00e9nergie la plus faible possible\">\n\t\t\t<\/div>\n<div class=\"box box-text\">\n<div class=\"box--content\">\n\t\t\t\t\t<span>Nos machines sont con\u00e7ues et construites pour garantir une efficacit\u00e9 maximale avec une consommation d&rsquo;\u00e9nergie la plus faible possible. Pour nous, innover c&rsquo;est \u00e9tudier des solutions \u00e9volu\u00e9es \u00e0 tous points de vue et donc en phase avec la n\u00e9cessit\u00e9 pour l&rsquo;industrie de l&#8217;emballage de poursuivre un mod\u00e8le de production de plus en plus \u00e9cologique. <\/span>\n\t\t\t\t<\/div>\n<\/p><\/div>\n<\/p><\/div>\n<\/p><\/div>\n<div class=\"section\">\n<div class=\"row row-grid min-h\">\n<div class=\"box box-text\">\n<div class=\"box--content\">\n\t\t\t\t\t<span>Collaborer avec des entreprises dont nous partageons la m\u00eame vision sur les questions de d\u00e9veloppement durable est pour nous une incitation suppl\u00e9mentaire \u00e0 nous engager concr\u00e8tement pour un avenir meilleur.<\/span>\n\t\t\t\t<\/div>\n<\/p><\/div>\n<div class=\"box box-img\">\n\t\t\t\t<img decoding=\"async\" src=\"\/edf-new\/wp-content\/uploads\/2024\/04\/edf-sost-03.jpg\" alt=\"EDF Europe - Collaborer avec des entreprises dont nous partageons la m\u00eame vision\">\n\t\t\t<\/div>\n<\/p><\/div>\n<\/p><\/div>\n<\/div>\n","protected":false},"excerpt":{"rendered":"<p>Un engagement concret pour un avenir meilleur Op\u00e9rer selon un mod\u00e8le de d\u00e9veloppement durable est l&rsquo;une des pierres angulaires de notre philosophie. Nous le faisons en respectant l&rsquo;environnement qui entoure nos usines, en g\u00e9rant les ressources et les sources d&rsquo;\u00e9nergie de mani\u00e8re responsable et rationnelle, en impliquant et en sensibilisant tous les acteurs impliqu\u00e9s dans [&hellip;]<\/p>\n","protected":false},"author":1,"featured_media":0,"parent":0,"menu_order":0,"comment_status":"closed","ping_status":"closed","template":"","meta":{"_acf_changed":false,"inline_featured_image":false,"footnotes":""},"class_list":["post-910","page","type-page","status-publish","hentry"],"acf":[],"yoast_head":"<!-- This site is optimized with the Yoast SEO plugin v27.5 - https:\/\/yoast.com\/product\/yoast-seo-wordpress\/ -->\n<title>D\u00e9veloppement durable - EDF Europe<\/title>\n<meta name=\"description\" content=\"Un engagement concret pour un avenir meilleur Op\u00e9rer selon un mod\u00e8le de d\u00e9veloppement durable est l&#039;une des pierres angulaires de notre philosophie. Nous\" \/>\n<meta name=\"robots\" content=\"index, follow, max-snippet:-1, max-image-preview:large, max-video-preview:-1\" \/>\n<link rel=\"canonical\" href=\"https:\/\/www.edfeurope.com\/fr\/developpement-durable\/\" \/>\n<meta property=\"og:locale\" content=\"fr_FR\" \/>\n<meta property=\"og:type\" content=\"article\" \/>\n<meta property=\"og:title\" content=\"D\u00e9veloppement durable - EDF Europe\" \/>\n<meta property=\"og:description\" content=\"Un engagement concret pour un avenir meilleur Op\u00e9rer selon un mod\u00e8le de d\u00e9veloppement durable est l&#039;une des pierres angulaires de notre philosophie. Nous\" \/>\n<meta property=\"og:url\" content=\"https:\/\/www.edfeurope.com\/fr\/developpement-durable\/\" \/>\n<meta property=\"og:site_name\" content=\"EDF Europe\" \/>\n<meta property=\"article:modified_time\" content=\"2024-04-16T15:38:53+00:00\" \/>\n<meta name=\"twitter:card\" content=\"summary_large_image\" \/>\n<meta name=\"twitter:label1\" content=\"Dur\u00e9e de lecture estim\u00e9e\" \/>\n\t<meta name=\"twitter:data1\" content=\"2 minutes\" \/>\n<script type=\"application\/ld+json\" class=\"yoast-schema-graph\">{\"@context\":\"https:\\\/\\\/schema.org\",\"@graph\":[{\"@type\":\"WebPage\",\"@id\":\"https:\\\/\\\/www.edfeurope.com\\\/fr\\\/developpement-durable\\\/\",\"url\":\"https:\\\/\\\/www.edfeurope.com\\\/fr\\\/developpement-durable\\\/\",\"name\":\"D\u00e9veloppement durable - EDF Europe\",\"isPartOf\":{\"@id\":\"https:\\\/\\\/www.edfeurope.com\\\/fr\\\/#website\"},\"datePublished\":\"2024-04-02T13:07:07+00:00\",\"dateModified\":\"2024-04-16T15:38:53+00:00\",\"description\":\"Un engagement concret pour un avenir meilleur Op\u00e9rer selon un mod\u00e8le de d\u00e9veloppement durable est l'une des pierres angulaires de notre philosophie. Nous\",\"breadcrumb\":{\"@id\":\"https:\\\/\\\/www.edfeurope.com\\\/fr\\\/developpement-durable\\\/#breadcrumb\"},\"inLanguage\":\"fr-FR\",\"potentialAction\":[{\"@type\":\"ReadAction\",\"target\":[\"https:\\\/\\\/www.edfeurope.com\\\/fr\\\/developpement-durable\\\/\"]}]},{\"@type\":\"BreadcrumbList\",\"@id\":\"https:\\\/\\\/www.edfeurope.com\\\/fr\\\/developpement-durable\\\/#breadcrumb\",\"itemListElement\":[{\"@type\":\"ListItem\",\"position\":1,\"name\":\"Home\",\"item\":\"https:\\\/\\\/www.edfeurope.com\\\/fr\\\/\"},{\"@type\":\"ListItem\",\"position\":2,\"name\":\"D\u00e9veloppement durable\"}]},{\"@type\":\"WebSite\",\"@id\":\"https:\\\/\\\/www.edfeurope.com\\\/fr\\\/#website\",\"url\":\"https:\\\/\\\/www.edfeurope.com\\\/fr\\\/\",\"name\":\"EDF Europe\",\"description\":\"Corrugated cardboard converting machines\",\"publisher\":{\"@id\":\"https:\\\/\\\/www.edfeurope.com\\\/fr\\\/#organization\"},\"potentialAction\":[{\"@type\":\"SearchAction\",\"target\":{\"@type\":\"EntryPoint\",\"urlTemplate\":\"https:\\\/\\\/www.edfeurope.com\\\/fr\\\/?s={search_term_string}\"},\"query-input\":{\"@type\":\"PropertyValueSpecification\",\"valueRequired\":true,\"valueName\":\"search_term_string\"}}],\"inLanguage\":\"fr-FR\"},{\"@type\":\"Organization\",\"@id\":\"https:\\\/\\\/www.edfeurope.com\\\/fr\\\/#organization\",\"name\":\"EDF Europe\",\"url\":\"https:\\\/\\\/www.edfeurope.com\\\/fr\\\/\",\"logo\":{\"@type\":\"ImageObject\",\"inLanguage\":\"fr-FR\",\"@id\":\"https:\\\/\\\/www.edfeurope.com\\\/fr\\\/#\\\/schema\\\/logo\\\/image\\\/\",\"url\":\"https:\\\/\\\/www.edfeurope.com\\\/edf-new\\\/wp-content\\\/uploads\\\/2024\\\/04\\\/edf-logo.svg\",\"contentUrl\":\"https:\\\/\\\/www.edfeurope.com\\\/edf-new\\\/wp-content\\\/uploads\\\/2024\\\/04\\\/edf-logo.svg\",\"width\":\"1024\",\"height\":\"1024\",\"caption\":\"EDF Europe\"},\"image\":{\"@id\":\"https:\\\/\\\/www.edfeurope.com\\\/fr\\\/#\\\/schema\\\/logo\\\/image\\\/\"}}]}<\/script>\n<!-- \/ Yoast SEO plugin. -->","yoast_head_json":{"title":"D\u00e9veloppement durable - EDF Europe","description":"Un engagement concret pour un avenir meilleur Op\u00e9rer selon un mod\u00e8le de d\u00e9veloppement durable est l'une des pierres angulaires de notre philosophie. Nous","robots":{"index":"index","follow":"follow","max-snippet":"max-snippet:-1","max-image-preview":"max-image-preview:large","max-video-preview":"max-video-preview:-1"},"canonical":"https:\/\/www.edfeurope.com\/fr\/developpement-durable\/","og_locale":"fr_FR","og_type":"article","og_title":"D\u00e9veloppement durable - EDF Europe","og_description":"Un engagement concret pour un avenir meilleur Op\u00e9rer selon un mod\u00e8le de d\u00e9veloppement durable est l'une des pierres angulaires de notre philosophie. Nous","og_url":"https:\/\/www.edfeurope.com\/fr\/developpement-durable\/","og_site_name":"EDF Europe","article_modified_time":"2024-04-16T15:38:53+00:00","twitter_card":"summary_large_image","twitter_misc":{"Dur\u00e9e de lecture estim\u00e9e":"2 minutes"},"schema":{"@context":"https:\/\/schema.org","@graph":[{"@type":"WebPage","@id":"https:\/\/www.edfeurope.com\/fr\/developpement-durable\/","url":"https:\/\/www.edfeurope.com\/fr\/developpement-durable\/","name":"D\u00e9veloppement durable - EDF Europe","isPartOf":{"@id":"https:\/\/www.edfeurope.com\/fr\/#website"},"datePublished":"2024-04-02T13:07:07+00:00","dateModified":"2024-04-16T15:38:53+00:00","description":"Un engagement concret pour un avenir meilleur Op\u00e9rer selon un mod\u00e8le de d\u00e9veloppement durable est l'une des pierres angulaires de notre philosophie. Nous","breadcrumb":{"@id":"https:\/\/www.edfeurope.com\/fr\/developpement-durable\/#breadcrumb"},"inLanguage":"fr-FR","potentialAction":[{"@type":"ReadAction","target":["https:\/\/www.edfeurope.com\/fr\/developpement-durable\/"]}]},{"@type":"BreadcrumbList","@id":"https:\/\/www.edfeurope.com\/fr\/developpement-durable\/#breadcrumb","itemListElement":[{"@type":"ListItem","position":1,"name":"Home","item":"https:\/\/www.edfeurope.com\/fr\/"},{"@type":"ListItem","position":2,"name":"D\u00e9veloppement durable"}]},{"@type":"WebSite","@id":"https:\/\/www.edfeurope.com\/fr\/#website","url":"https:\/\/www.edfeurope.com\/fr\/","name":"EDF Europe","description":"Corrugated cardboard converting machines","publisher":{"@id":"https:\/\/www.edfeurope.com\/fr\/#organization"},"potentialAction":[{"@type":"SearchAction","target":{"@type":"EntryPoint","urlTemplate":"https:\/\/www.edfeurope.com\/fr\/?s={search_term_string}"},"query-input":{"@type":"PropertyValueSpecification","valueRequired":true,"valueName":"search_term_string"}}],"inLanguage":"fr-FR"},{"@type":"Organization","@id":"https:\/\/www.edfeurope.com\/fr\/#organization","name":"EDF Europe","url":"https:\/\/www.edfeurope.com\/fr\/","logo":{"@type":"ImageObject","inLanguage":"fr-FR","@id":"https:\/\/www.edfeurope.com\/fr\/#\/schema\/logo\/image\/","url":"https:\/\/www.edfeurope.com\/edf-new\/wp-content\/uploads\/2024\/04\/edf-logo.svg","contentUrl":"https:\/\/www.edfeurope.com\/edf-new\/wp-content\/uploads\/2024\/04\/edf-logo.svg","width":"1024","height":"1024","caption":"EDF Europe"},"image":{"@id":"https:\/\/www.edfeurope.com\/fr\/#\/schema\/logo\/image\/"}}]}},"_links":{"self":[{"href":"https:\/\/www.edfeurope.com\/fr\/wp-json\/wp\/v2\/pages\/910","targetHints":{"allow":["GET"]}}],"collection":[{"href":"https:\/\/www.edfeurope.com\/fr\/wp-json\/wp\/v2\/pages"}],"about":[{"href":"https:\/\/www.edfeurope.com\/fr\/wp-json\/wp\/v2\/types\/page"}],"author":[{"embeddable":true,"href":"https:\/\/www.edfeurope.com\/fr\/wp-json\/wp\/v2\/users\/1"}],"replies":[{"embeddable":true,"href":"https:\/\/www.edfeurope.com\/fr\/wp-json\/wp\/v2\/comments?post=910"}],"version-history":[{"count":2,"href":"https:\/\/www.edfeurope.com\/fr\/wp-json\/wp\/v2\/pages\/910\/revisions"}],"predecessor-version":[{"id":915,"href":"https:\/\/www.edfeurope.com\/fr\/wp-json\/wp\/v2\/pages\/910\/revisions\/915"}],"wp:attachment":[{"href":"https:\/\/www.edfeurope.com\/fr\/wp-json\/wp\/v2\/media?parent=910"}],"curies":[{"name":"wp","href":"https:\/\/api.w.org\/{rel}","templated":true}]}}